{"id":3186,"date":"2022-09-08T14:24:28","date_gmt":"2022-09-08T14:24:28","guid":{"rendered":"https:\/\/www.techof.pt\/?page_id=3186"},"modified":"2022-09-08T14:53:32","modified_gmt":"2022-09-08T14:53:32","slug":"privacy","status":"publish","type":"page","link":"https:\/\/www.techof.pt\/pt\/privacy\/","title":{"rendered":"Privacy"},"content":{"rendered":"<div data-elementor-type=\"wp-page\" data-elementor-id=\"3186\" class=\"elementor elementor-3186\" data-elementor-post-type=\"page\">\n\t\t\t\t\t\t<section class=\"elementor-section elementor-top-section elementor-element elementor-element-c99d058 elementor-section-boxed elementor-section-height-default elementor-section-height-default\" data-id=\"c99d058\" data-element_type=\"section\" data-e-type=\"section\" data-no-translation=\"\">\n\t\t\t\t\t\t<div class=\"elementor-container elementor-column-gap-default\">\n\t\t\t\t\t<div class=\"elementor-column elementor-col-100 elementor-top-column elementor-element elementor-element-599dfb3\" data-id=\"599dfb3\" data-element_type=\"column\" data-e-type=\"column\">\n\t\t\t<div class=\"elementor-widget-wrap elementor-element-populated\">\n\t\t\t\t\t\t<div class=\"elementor-element elementor-element-a946e87 elementor-widget elementor-widget-heading\" data-id=\"a946e87\" data-element_type=\"widget\" data-e-type=\"widget\" data-widget_type=\"heading.default\">\n\t\t\t\t<div class=\"elementor-widget-container\">\n\t\t\t\t\t<h2 class=\"elementor-heading-title elementor-size-default\">Pol\u00edtica de Privacidade<\/h2>\t\t\t\t<\/div>\n\t\t\t\t<\/div>\n\t\t\t\t<div class=\"elementor-element elementor-element-6c96b13 elementor-widget elementor-widget-text-editor\" data-id=\"6c96b13\" data-element_type=\"widget\" data-e-type=\"widget\" data-widget_type=\"text-editor.default\">\n\t\t\t\t<div class=\"elementor-widget-container\">\n\t\t\t\t\t\t\t\t\t<p>Na <strong>TechOf <\/strong>respeitamos a sua privacidade e agradecemos a confian\u00e7a que deposita em n\u00f3s.<\/p><p>Nesta Not\u00edcia de Privacidade explicamos quem somos, para que finalidades podemos usar os seus dados e respetivo fundamento jur\u00eddico, com quem os partilhamos, durante quanto tempo os conservamos, bem como as formas de entrar em contacto connosco e de exercer os seus direitos.<\/p><p>Os seus dados ser\u00e3o tratados sob a responsabilidade <strong>Re:Act \u2013 Re &amp; Upskilling Lda<\/strong>, pessoa coletiva n\u00famero 516\u00a0744 038, com sede na Avenida Jo\u00e3o Cris\u00f3stomo 46A | 1050-127 Lisboa, doravante &#8220;<strong>TECHOF<\/strong>&#8220;.<\/p><p>Para as quest\u00f5es relacionadas com o tratamento dos seus dados pessoais, incluindo o exerc\u00edcio dos seus direitos dever\u00e1 contactar-nos atrav\u00e9s dos seguintes meios:<\/p><ul><li>Email: <a href=\"mailto:privacy@techof.pt\"><strong>privacy@techof.pt<\/strong><\/a><\/li><li>O nosso centro encontra-se na:<ul><li>Alameda dos Oceanos, 106.11 Suplemento C 1E<\/li><li>1990-426 Lisboa.<\/li><\/ul><\/li><\/ul><div>\u00a0<\/div><h4><strong>Para que Finalidades tratamos os seus dados?<\/strong><\/h4><h5><strong>Gest\u00e3o de Contactos atrav\u00e9s de Website (GUEST)<\/strong><\/h5><p>O Titular de Dados pode aceder a um dos nossos websites para inscri\u00e7\u00e3o em uma promo\u00e7\u00e3o ou informa\u00e7\u00f5es. O tratamento dos seus dados s\u00f3 ser\u00e1 efetuado com o seu consentimento, e de forma a entrar em contacto consigo, contactaremos em resposta \u00e0 sua solicita\u00e7\u00e3o.<\/p><p>Prazo de conserva\u00e7\u00e3o: Conservamos estes dados at\u00e9 um per\u00edodo m\u00e1ximo de <strong>6 meses<\/strong>.<\/p><p>Destinat\u00e1rios: Partilhamos estes dados com a <strong>TECHOF<\/strong> que pretende visitar. Os sistemas de informa\u00e7\u00e3o utilizados neste tratamento est\u00e3o alojados na Uni\u00e3o Europeia, num fornecedor de refer\u00eancia internacional que nos d\u00e1 garantias.<\/p><p>Os seus direitos: Tem os direitos de acesso, retifica\u00e7\u00e3o, elimina\u00e7\u00e3o, limita\u00e7\u00e3o do tratamento, portabilidade dos seus dados e apresenta\u00e7\u00e3o de queixa a autoridade de controlo. Tem tamb\u00e9m o direito de retirar\/apagar, a qualquer momento o consentimento que prestou, n\u00e3o invalidando essa a\u00e7\u00e3o a legalidade dos tratamentos que tenham sido efetuados durante os per\u00edodos em que o consentimento existia.<\/p><p>Tem o direito de se opor ao tratamento dos seus dados, incluindo para fins de comercializa\u00e7\u00e3o direta (<em>marketing<\/em> direto).<\/p><p>Decis\u00f5es automatizadas, incluindo a defini\u00e7\u00e3o de perfis: N\u00e3o s\u00e3o tomadas decis\u00f5es inteiramente automatizadas nem s\u00e3o definidos perfis que o afetem significativamente com base neste tratamento de dados.<br \/>\u00a0<\/p><p><strong style=\"color: inherit; font-family: inherit; font-size: 1.25rem;\">Gest\u00e3o de Visitas aos nossos Centros (CLUB)<\/strong><\/p><p>O Titular de Dados desloca-se a um dos nossos Centros de forma a saber mais informa\u00e7\u00f5es relacionadas com os nossos Servi\u00e7os. O tratamento dos seus dados ser\u00e1 efetuado no centro, atrav\u00e9s da leitura da Not\u00edcia de Privacidade inclu\u00edda na nossa documenta\u00e7\u00e3o, onde poder\u00e1 dar-nos o consentimento para processar o seu levantamento de necessidades, assim como de o contactar\/reunir posteriormente para acompanhamento da sua decis\u00e3o.<\/p><p>Prazo de conserva\u00e7\u00e3o: Conservamos estes dados at\u00e9 um per\u00edodo m\u00e1ximo de <strong>1 ano<\/strong>. Este prazo poder\u00e1 ser prolongado com a revalida\u00e7\u00e3o do seu consentimento.<\/p><p>Destinat\u00e1rios: Partilhamos estes dados com a <strong>TECHOF<\/strong> que pretende visitar que regista a sua informa\u00e7\u00e3o em sistema inform\u00e1tico desenvolvido em Portugal e alojado na Uni\u00e3o Europeia, num fornecedor de refer\u00eancia internacional que nos d\u00e1 garantias. Partilhamos o seu email na Plataforma de Teste de Diagn\u00f3stico detida pela\u00a0<a href=\"https:\/\/adam-milo.co.il\/360\/en\/gdpr-privacy-policy\/\" target=\"_blank\" rel=\"noopener\">AdamMilo<\/a>, que se encontra em conformidade com RGPD.<\/p><p>Os seus direitos: Tem os direitos de acesso, retifica\u00e7\u00e3o, elimina\u00e7\u00e3o, limita\u00e7\u00e3o do tratamento, portabilidade dos seus dados e apresenta\u00e7\u00e3o de queixa a autoridade de controlo. Tem tamb\u00e9m o direito de retirar\/apagar, a qualquer momento o consentimento que prestou, n\u00e3o invalidando essa a\u00e7\u00e3o a legalidade dos tratamentos que tenham sido efetuados durante os per\u00edodos em que o consentimento existia.<\/p><p>Tem o direito de se opor ao tratamento dos seus dados, incluindo para fins de comercializa\u00e7\u00e3o direta (marketing direto).<\/p><p>Decis\u00f5es automatizadas, incluindo a defini\u00e7\u00e3o de perfis: Ao efetuar o Teste de Diagn\u00f3stico na plataforma, ser-lhe-\u00e1 atribu\u00eddo uma capacidade de prepara\u00e7\u00e3o para o programa que deseja. Esse resultado ser\u00e1 estrita e meramente indicativo em vista da apresenta\u00e7\u00e3o efetuada pelo consultor da <strong>TECHOF<\/strong>. Caso n\u00e3o concorde com o resultado, tem o direito de oposi\u00e7\u00e3o ao mesmo, falando com o consultor que o acompanha.<br \/>\u00a0<\/p><p><strong style=\"color: inherit; font-family: inherit; font-size: 1.25rem;\">Aluno nos nossos Centros (STUDENT)<\/strong><\/p><p>O Titular de Dados inscreve-se como aluno. Todas as informa\u00e7\u00f5es relacionadas com a Privacidade e Prote\u00e7\u00e3o dos seus Dados Pessoais encontram-se detalhadas no contrato.<\/p><p>Prazo de conserva\u00e7\u00e3o: Conservamos os dados do aluno pelo per\u00edodo do contrato, <em>salvo as situa\u00e7\u00f5es em que a legisla\u00e7\u00e3o obrigue a manter alguns dos dados por per\u00edodos superiores, como por exemplo, fatura\u00e7\u00e3o e contabilidade<\/em>.<\/p><p>Os seus direitos: Tem os direitos de acesso, retifica\u00e7\u00e3o, elimina\u00e7\u00e3o, limita\u00e7\u00e3o do tratamento, portabilidade dos seus dados e apresenta\u00e7\u00e3o de queixa a autoridade de controlo. Tem tamb\u00e9m o direito de retirar\/apagar, a qualquer momento o consentimento que prestou, n\u00e3o invalidando essa a\u00e7\u00e3o a legalidade dos tratamentos que tenham sido efetuados durante os per\u00edodos em que o consentimento existia.<\/p><p>Tem o direito de se opor ao tratamento dos seus dados, incluindo para fins de comercializa\u00e7\u00e3o direta (marketing direto).<br \/>\u00a0<\/p><p><strong style=\"color: inherit; font-family: inherit; font-size: 1.25rem;\">Gest\u00e3o de Antigos Alunos (ALUMNI)<\/strong><\/p><p>Depois de terminar um dos nossos programas ainda tem acesso a alguns dos benef\u00edcios dos nossos servi\u00e7os, podendo incluir comunica\u00e7\u00f5es de novos servi\u00e7os ou campanhas em curso (<em>marketing<\/em>). Os tratamentos de dados para esta finalidade s\u00e3o baseados no interesse leg\u00edtimo da <strong>TECHOF<\/strong>.<\/p><p><strong>Prazo de conserva\u00e7\u00e3o<\/strong>: Os dados para as finalidades de Gest\u00e3o de Antigos Alunos s\u00e3o tratados at\u00e9 <strong>3 anos<\/strong> depois da cessa\u00e7\u00e3o do contrato, para permitir por exemplo a emiss\u00e3o de novas vias de certificados de forma\u00e7\u00e3o. Os dados necess\u00e1rios para Gest\u00e3o de Fatura\u00e7\u00e3o ser\u00e3o mantidos pelos per\u00edodos previstos na lei, incluindo para arquivo necess\u00e1rio para efeitos fiscais podendo chegar aos 12 anos. Este prazo poder\u00e1 ser prolongado apenas com o seu consentimento.<\/p><p><strong>Destinat\u00e1rios\/Terceiros<\/strong>: Partilhamos estes dados com as entidades p\u00fablicas, como a Autoridade Tribut\u00e1ria e Aduaneira, e com a Dire\u00e7\u00e3o Geral de Estat\u00edsticas da Educa\u00e7\u00e3o e Ci\u00eancia a fim de registar a sua forma\u00e7\u00e3o conforme os requisitos da Lei. Partilhamos tamb\u00e9m um n\u00famero limitado de dados com um sistema de Question\u00e1rios online a fim de levar a cabo o Question\u00e1rio de Satisfa\u00e7\u00e3o P\u00f3s-Forma\u00e7\u00e3o em conformidade com os requisitos da DGERT.<\/p><p><strong>Os seus direitos<\/strong>: Tem os direitos de acesso, retifica\u00e7\u00e3o, elimina\u00e7\u00e3o, limita\u00e7\u00e3o do tratamento, portabilidade dos seus dados e apresenta\u00e7\u00e3o de queixa a autoridade de controlo. Tem tamb\u00e9m o direito de retirar\/apagar, a qualquer momento o consentimento que prestou, n\u00e3o invalidando essa a\u00e7\u00e3o a legalidade dos tratamentos que tenham sido efetuados durante os per\u00edodos em que o consentimento existia.<\/p><p>Tem o direito de se opor ao tratamento dos seus dados, incluindo para fins de comercializa\u00e7\u00e3o direta (marketing direto).<\/p><p><strong>Decis\u00f5es automatizadas, incluindo a defini\u00e7\u00e3o de perfis<\/strong>: N\u00e3o s\u00e3o tomadas decis\u00f5es inteiramente automatizadas nem s\u00e3o definidos perfis que o afetem significativamente com base neste tratamento de dados.<br \/>\u00a0<\/p><p><strong style=\"color: inherit; font-family: inherit; font-size: 24px;\">Marketing<\/strong><\/p><p>A <strong>TECHOF<\/strong> poder\u00e1 tratar os seus dados para lhe enviar informa\u00e7\u00f5es sobre os seus servi\u00e7os e promo\u00e7\u00f5es.<br \/>Este tratamento de dados ser\u00e1 realizado apenas com o seu consentimento. Caso consinta, receber\u00e1 comunica\u00e7\u00f5es de marketing atrav\u00e9s de e-mail e\/ou SMS e\/ou <em>Push Notification<\/em>. A <strong>TECHOF<\/strong> poder\u00e1 ainda partilhar os seus dados com terceiros que gerem sistemas de envios de emails e\/ou SMS e\/ou<em> Push Notification<\/em> ou redes sociais, como por exemplo o <em>Facebook<\/em>, para efeitos de realiza\u00e7\u00e3o de campanhas de marketing atrav\u00e9s das redes sociais.<\/p><p>O consentimento para o tratamento de dados pessoais, incluindo para efeitos de <em>marketing<\/em> direto, pode ser retirado\/apagado em qualquer momento.<\/p><p>Os seus dados ser\u00e3o conservados para esta finalidade at\u00e9 que o seu consentimento seja retirado\/apagado ou se oponha ao tratamento dos seus dados para esta finalidade.<br \/><br \/><\/p><p><strong style=\"color: inherit; font-family: inherit; font-size: 24px;\">Videovigil\u00e2ncia dos Centros<\/strong><\/p><p>O Centro <strong>TECHOF<\/strong> disp\u00f5em de sistema de videovigil\u00e2ncia, pelo interesse leg\u00edtimo da <strong>TECHOF<\/strong> e para a finalidade de prote\u00e7\u00e3o de pessoas e bens, devidamente sinalizado.<\/p><p>As grava\u00e7\u00f5es de imagem (apenas v\u00eddeo) obtidas pelos sistemas videovigil\u00e2ncia s\u00e3o conservadas, em registo codificado, pelo prazo de <strong>30 dias<\/strong> contados desde a respetiva capta\u00e7\u00e3o, findo o qual s\u00e3o destru\u00eddas (sem preju\u00edzo da conserva\u00e7\u00e3o por per\u00edodo superior em caso de processo judicial).<\/p><p>Estas grava\u00e7\u00f5es n\u00e3o s\u00e3o partilhadas com outros destinat\u00e1rios.<br \/><br \/><\/p><p><strong style=\"color: inherit; font-family: inherit; font-size: 24px;\">Recrutamento<\/strong><\/p><p>Ao enviar os seus dados atrav\u00e9s do formul\u00e1rio na \u00e1rea de \u201crecrutamento\u201d est\u00e1 a consentir que o contactemos por forma a confirmar a rece\u00e7\u00e3o da sua candidatura e para marcar uma entrevista presencial num dos nossos centros ou nos nossos escrit\u00f3rios, bem como contactos posteriores sempre no \u00e2mbito do processo de recrutamento e sele\u00e7\u00e3o.<\/p><p>Iremos manter os seus dados para esta finalidade at\u00e9 ao per\u00edodo m\u00e1ximo de <strong>3 anos<\/strong>. Este per\u00edodo m\u00e1ximo \u00e9 adequado principalmente para candidaturas \u00e0 fun\u00e7\u00e3o de professor.<\/p><p>Os seus dados podem ser partilhados com algum dos nossos centros de ingl\u00eas nomeadamente no que diz respeito \u00e0 localiza\u00e7\u00e3o da fun\u00e7\u00e3o para a qual o utilizador se tenha candidatado.<br \/><br \/><\/p><p><strong style=\"color: inherit; font-family: inherit; font-size: 24px;\">Cookies<\/strong><\/p><p>Utilizamos cookies apenas na avalia\u00e7\u00e3o estat\u00edstica e para fins de aperfei\u00e7oamento da orienta\u00e7\u00e3o do cliente, e n\u00e3o identificamos utilizadores, apenas sess\u00f5es. Ao navegar no nosso website \u00e9-lhe apresentada uma mensagem a informar sobre a utiliza\u00e7\u00e3o de cookies. Se continuar a navegar sem alterar as defini\u00e7\u00f5es de cookies do seu browser, o utilizador est\u00e1 a concordar com a utiliza\u00e7\u00e3o de cookies por parte da TECHOF.<\/p><p>Utilizamos os seguintes cookies da <em>Google Analytics<\/em>:<\/p><ul><li>_ga conservados por 2 anos para distinguir utilizadores<\/li><li>_gid conservados por 24 horas para distinguir utilizadores<\/li><li>_gat conservados por 1 minuto para controlar a taxa de solicita\u00e7\u00e3o.<\/li><\/ul><div>\u00a0\u00a0<\/div><h4><strong>A minha informa\u00e7\u00e3o ser\u00e1 partilhada com outros?<\/strong><\/h4><p>Para al\u00e9m dos destinat\u00e1rios indicados anteriormente, a sua informa\u00e7\u00e3o pessoal pode ser divulgada:<\/p><ul><li>Destinat\u00e1rios prestadores de servi\u00e7os da <strong>TECHOF<\/strong>.<\/li><\/ul><p>Os seus dados pessoais poder\u00e3o ser tratados por empresas contratadas pela <strong>TECHOF<\/strong>, nomeadamente para o alojamento de website, envio de emails, envio de SMS, envio de <em>Push Notifications<\/em>, envio de <em>Newsletters <\/em>ou outros fornecedores com quem temos acordos de subcontrata\u00e7\u00e3o e\/ou de privacidade.<\/p><p>S\u00e3o fornecidas a estas empresas apenas os dados necess\u00e1rios para a presta\u00e7\u00e3o dos servi\u00e7os em causa. Os seus dados ser\u00e3o tratados dentro do espa\u00e7o da Uni\u00e3o Europeia, ou com entidades prestadoras de servi\u00e7os com quem detemos <strong>SCC <\/strong>(Standard Contractual Clauses) assinados de forma a garantir a seguran\u00e7a\/privacidade desses dados.<br \/>\u00a0<\/p><p><strong style=\"color: inherit; font-family: inherit; font-size: 24px;\">Os seus direitos<\/strong><\/p><p>A qualquer momento, e dentro dos limites previstos pela lei, pode solicitar-nos:<\/p><ul><li>O acesso \u00e0 informa\u00e7\u00e3o que temos sobre si;<\/li><li>A retifica\u00e7\u00e3o da informa\u00e7\u00e3o caso esteja incorreta ou incompleta;<\/li><li>Para apagar ou limitar o tratamento dos seus dados pessoais;<\/li><li>A oposi\u00e7\u00e3o ao tratamento dos seus dados pessoais, incluindo para marketing direto;<\/li><li>A retirada de consentimentos que nos tenha dado, n\u00e3o invalidando essa a\u00e7\u00e3o, a legalidade dos tratamentos efetuados, enquanto existia consentimento;<\/li><li>A portabilidade dos seus dados, se o tratamento for baseado no seu consentimento ou num contrato e for efetuado por meios automatizados, tem direito ao envio dos dados pessoais anteriormente fornecidos num formato estruturado, de uso corrente e de leitura autom\u00e1tica.<\/li><\/ul><p>Os seus pedidos ser\u00e3o tratados com a brevidade necess\u00e1ria para que possamos assegurar a efic\u00e1cia dos seus direitos. Poder\u00e1 ser-lhe pedido que fa\u00e7a prova da sua identidade de modo a assegurar que estes direitos est\u00e3o a ser atribu\u00eddos, legitimamente ao respetivo titular dos dados.<\/p><p>Ser\u00e1 sempre informado das medidas tomadas nesse sentido, no prazo m\u00e1ximo de um m\u00eas a partir do momento em que o pedido for efetuado.<\/p><p>Tem ainda o direito de apresentar uma reclama\u00e7\u00e3o a uma autoridade de controlo. Em Portugal, \u00e9 a\u00a0<a href=\"https:\/\/www.cnpd.pt\/\" target=\"_blank\" rel=\"noopener\">Comiss\u00e3o Nacional de Prote\u00e7\u00e3o de Dados<\/a>.<br \/>\u00a0<\/p><p><strong style=\"color: inherit; font-family: inherit; font-size: 1.25rem;\">Direito de Acesso<\/strong><\/p><p>O titular dos dados pessoais tem o direito a obter da <strong>TECHOF<\/strong> a confirma\u00e7\u00e3o de que os dados que lhe digam respeito s\u00e3o ou n\u00e3o objeto de tratamento e, se for o caso, de aceder aos seus dados pessoais e aceder \u00e0s informa\u00e7\u00f5es previstas na lei.<br \/>Caso pretenda mais do que uma c\u00f3pia dos seus dados pessoais em fase de tratamento, a <strong>TECHOF<\/strong> poder\u00e1 sujeitar esse servi\u00e7o a um pagamento de uma taxa pelos custos administrativos.<br \/>\u00a0<\/p><p><strong style=\"color: inherit; font-family: inherit; font-size: 1.25rem;\">Direito de retifica\u00e7\u00e3o<\/strong><\/p><p>O titular dos dados pessoais tem o direito de obter da <strong>TECHOF<\/strong>, sem demora injustificada, a retifica\u00e7\u00e3o dos dados inexatos ou incompletos que lhe digam respeito.<br \/>\u00a0<\/p><p><strong style=\"color: inherit; font-family: inherit; font-size: 1.25rem;\">Direito ao apagamento dos dados (\u201cdireito a ser esquecido\u201d)<\/strong><\/p><p>O titular dos dados pessoais tem o direito de solicitar \u00e0 <strong>TECHOF<\/strong> o apagamento dos seus dados, e a <strong>TECHOF<\/strong> tem a obriga\u00e7\u00e3o de apagar os dados pessoais quando se aplique, designadamente, um dos seguintes motivos:<\/p><ul><li>Os dados pessoais deixaram de ser necess\u00e1rios para a finalidade que motivou a sua recolha ou tratamento;<\/li><li>O titular retirou o seu consentimento para o tratamento de dados (nos casos em que o tratamento \u00e9 baseado no consentimento) e n\u00e3o existir outro fundamento para o referido tratamento;<\/li><li>O titular op\u00f5e-se ao tratamento e n\u00e3o existem interesses leg\u00edtimos prevalecentes que justifiquem o tratamento;<\/li><\/ul><div>\u00a0<\/div><h5><strong>Direito \u00e0 limita\u00e7\u00e3o do tratamento<\/strong><\/h5><p>O titular dos dados tem o direito de obter da <strong>TECHOF<\/strong> a limita\u00e7\u00e3o do tratamento, se se aplicar, designadamente, uma das seguintes situa\u00e7\u00f5es:<\/p><ul><li>Contestar a exatid\u00e3o dos dados pessoais, durante um per\u00edodo que permita \u00e0 <strong>TECHOF<\/strong> verificar a sua exatid\u00e3o;<\/li><li>O tratamento de dados for l\u00edcito e o titular dos dados se opuser a que se apaguem os seus dados pessoais e solicitar, em contrapartida, a limita\u00e7\u00e3o da sua utiliza\u00e7\u00e3o;<\/li><li>A <strong>TECHOF<\/strong> j\u00e1 n\u00e3o necessitar dos dados pessoais para fins de tratamento, mas esses dados s\u00e3o requeridos pelo titular para efeitos de declara\u00e7\u00e3o, exerc\u00edcio ou defesa de um direito num processo judicial;<\/li><li>Se tiver oposto ao tratamento, at\u00e9 se verificar que os motivos leg\u00edtimos do respons\u00e1vel pelo tratamento prevalecem sobre os do titular dos dados.<\/li><\/ul><div>\u00a0<\/div><h5><strong>Direito de portabilidade dos dados<\/strong><\/h5><p>Se o tratamento depender do consentimento do titular dos dados e esse consentimento tiver sido prestado por meios automatizados, o titular dos dados tem o direito a receber os dados pessoais que lhe digam respeito e que tenha fornecido \u00e0 <strong>TECHOF<\/strong> num formato estruturado, de uso corrente e de leitura autom\u00e1tica.<br \/>\u00a0<\/p><p><strong style=\"color: inherit; font-family: inherit; font-size: 1.25rem;\">Direito de oposi\u00e7\u00e3o<\/strong><\/p><p>Nos casos em que o tratamento de dados for efetuado para efeito dos interesses leg\u00edtimos prosseguidos pela <strong>TECHOF<\/strong> ou se o tratamento de dados for efetuado para efeitos de marketing direto ou na defini\u00e7\u00e3o de perfis, o titular dos dados pode ainda, a qualquer altura, opor-se ao tratamento dos seus dados pessoais para essas finalidades.<br \/>\u00a0<\/p><p><strong style=\"color: inherit; font-family: inherit; font-size: 24px;\">Posso revogar o meu consentimento posteriormente?<\/strong><\/p><p>Sim, se o consentimento for legalmente necess\u00e1rio para o tratamento de dados pessoais, o titular dos dados tem o direito de retirar consentimento em qualquer momento, embora esse direito n\u00e3o comprometa a licitude do tratamento efetuado com base no consentimento previamente prestado, nem o tratamento posterior dos mesmos dados, baseado noutra base legal, como \u00e9 o caso do cumprimento do contrato ou da obriga\u00e7\u00e3o legal a que a <strong>TECHOF<\/strong> esteja sujeito.<\/p><p>Caso pretenda retirar o seu consentimento, entre outras formas, como por exemplo o opt-out inclu\u00eddo nas nossas comunica\u00e7\u00f5es, pode contactar-nos atrav\u00e9s do endere\u00e7o e-mail <a href=\"mailto:privacy@techof.pt\">privacy@techof.pt<\/a><br \/>\u00a0<\/p><p><strong style=\"color: inherit; font-family: inherit; font-size: 24px;\">Se ainda tiver alguma d\u00favida?<\/strong><\/p><p>Se ainda permanecer com alguma d\u00favida relativa a esta informa\u00e7\u00e3o sobre Privacidade de Dados, ou pretender exercer algum dos seus direitos, por favor contacte-nos:<\/p><ul><li>Email: <a href=\"mailto:privacy@techof.pt\"><strong>privacy@techof.pt<\/strong><\/a><\/li><li>O nosso centro encontra-se na:<ul><li>Alameda dos Oceanos, 106.11 Suplemento C 1E<\/li><li>1990-426 Lisboa.<\/li><\/ul><\/li><\/ul><p>Ocasionalmente, a <strong>TECHOF<\/strong> atualizar\u00e1 esta Not\u00edcia de Privacidade. Solicitamos-lhe que nos visite periodicamente para se manter atualizado. Se surgirem altera\u00e7\u00f5es significativas que possam ter impacto relevante para os titulares, iremos procurar a forma adequada de os informar.<\/p>\t\t\t\t\t\t\t\t<\/div>\n\t\t\t\t<\/div>\n\t\t\t\t\t<\/div>\n\t\t<\/div>\n\t\t\t\t\t<\/div>\n\t\t<\/section>\n\t\t\t\t<\/div>","protected":false},"excerpt":{"rendered":"<p>Privacy Policy At TechOf we respect your privacy and appreciate the trust you place in us. In this Privacy Notice we explain who we are, for what purposes we can use your data and its legal basis, with whom we share it, how long we keep it, as well as the ways to contact us [&hellip;]<\/p>\n","protected":false},"author":3,"featured_media":0,"parent":0,"menu_order":0,"comment_status":"closed","ping_status":"closed","template":"","meta":{"inline_featured_image":false,"footnotes":""},"class_list":["post-3186","page","type-page","status-publish","hentry"],"yoast_head":"<!-- This site is optimized with the Yoast SEO Premium plugin v27.4 (Yoast SEO v27.5) - https:\/\/yoast.com\/product\/yoast-seo-premium-wordpress\/ -->\n<title>Privacy - TechOf - Re-Skilling People<\/title>\n<meta name=\"robots\" content=\"index, follow, max-snippet:-1, max-image-preview:large, max-video-preview:-1\" \/>\n<link rel=\"canonical\" href=\"https:\/\/www.techof.pt\/pt\/privacy\/\" \/>\n<meta property=\"og:locale\" content=\"pt_PT\" \/>\n<meta property=\"og:type\" content=\"article\" \/>\n<meta property=\"og:title\" content=\"Privacy\" \/>\n<meta property=\"og:description\" content=\"Privacy Policy At TechOf we respect your privacy and appreciate the trust you place in us. In this Privacy Notice we explain who we are, for what purposes we can use your data and its legal basis, with whom we share it, how long we keep it, as well as the ways to contact us [&hellip;]\" \/>\n<meta property=\"og:url\" content=\"https:\/\/www.techof.pt\/pt\/privacy\/\" \/>\n<meta property=\"og:site_name\" content=\"TechOf - Re-Skilling People\" \/>\n<meta property=\"article:publisher\" content=\"https:\/\/www.facebook.com\/techofpt\" \/>\n<meta property=\"article:modified_time\" content=\"2022-09-08T14:53:32+00:00\" \/>\n<meta name=\"twitter:card\" content=\"summary_large_image\" \/>\n<meta name=\"twitter:site\" content=\"@TechOf_\" \/>\n<meta name=\"twitter:label1\" content=\"Tempo estimado de leitura\" \/>\n\t<meta name=\"twitter:data1\" content=\"22 minutos\" \/>\n<script type=\"application\/ld+json\" class=\"yoast-schema-graph\">{\"@context\":\"https:\\\/\\\/schema.org\",\"@graph\":[{\"@type\":\"WebPage\",\"@id\":\"https:\\\/\\\/www.techof.pt\\\/pt\\\/privacy\\\/\",\"url\":\"https:\\\/\\\/www.techof.pt\\\/pt\\\/privacy\\\/\",\"name\":\"Privacy - TechOf - Re-Skilling People\",\"isPartOf\":{\"@id\":\"https:\\\/\\\/www.techof.pt\\\/en\\\/#website\"},\"datePublished\":\"2022-09-08T14:24:28+00:00\",\"dateModified\":\"2022-09-08T14:53:32+00:00\",\"breadcrumb\":{\"@id\":\"https:\\\/\\\/www.techof.pt\\\/pt\\\/privacy\\\/#breadcrumb\"},\"inLanguage\":\"pt-PT\",\"potentialAction\":[{\"@type\":\"ReadAction\",\"target\":[\"https:\\\/\\\/www.techof.pt\\\/pt\\\/privacy\\\/\"]}]},{\"@type\":\"BreadcrumbList\",\"@id\":\"https:\\\/\\\/www.techof.pt\\\/pt\\\/privacy\\\/#breadcrumb\",\"itemListElement\":[{\"@type\":\"ListItem\",\"position\":1,\"name\":\"Home\",\"item\":\"https:\\\/\\\/www.techof.pt\\\/\"},{\"@type\":\"ListItem\",\"position\":2,\"name\":\"Privacy\"}]},{\"@type\":\"WebSite\",\"@id\":\"https:\\\/\\\/www.techof.pt\\\/en\\\/#website\",\"url\":\"https:\\\/\\\/www.techof.pt\\\/en\\\/\",\"name\":\"TechOf - Re-Skilling People\",\"description\":\"The Fast Track to Tech\",\"publisher\":{\"@id\":\"https:\\\/\\\/www.techof.pt\\\/en\\\/#organization\"},\"potentialAction\":[{\"@type\":\"SearchAction\",\"target\":{\"@type\":\"EntryPoint\",\"urlTemplate\":\"https:\\\/\\\/www.techof.pt\\\/en\\\/?s={search_term_string}\"},\"query-input\":{\"@type\":\"PropertyValueSpecification\",\"valueRequired\":true,\"valueName\":\"search_term_string\"}}],\"inLanguage\":\"pt-PT\"},{\"@type\":\"Organization\",\"@id\":\"https:\\\/\\\/www.techof.pt\\\/en\\\/#organization\",\"name\":\"TechOf\",\"url\":\"https:\\\/\\\/www.techof.pt\\\/en\\\/\",\"logo\":{\"@type\":\"ImageObject\",\"inLanguage\":\"pt-PT\",\"@id\":\"https:\\\/\\\/www.techof.pt\\\/en\\\/#\\\/schema\\\/logo\\\/image\\\/\",\"url\":\"https:\\\/\\\/www.techof.pt\\\/wp-content\\\/uploads\\\/2022\\\/06\\\/Tech_Logo_RGB_PRINCIPAL_PRETO.png\",\"contentUrl\":\"https:\\\/\\\/www.techof.pt\\\/wp-content\\\/uploads\\\/2022\\\/06\\\/Tech_Logo_RGB_PRINCIPAL_PRETO.png\",\"width\":1419,\"height\":806,\"caption\":\"TechOf\"},\"image\":{\"@id\":\"https:\\\/\\\/www.techof.pt\\\/en\\\/#\\\/schema\\\/logo\\\/image\\\/\"},\"sameAs\":[\"https:\\\/\\\/www.facebook.com\\\/techofpt\",\"https:\\\/\\\/x.com\\\/TechOf_\",\"https:\\\/\\\/www.linkedin.com\\\/company\\\/techof-reskilling-people\",\"https:\\\/\\\/www.instagram.com\\\/techof_\",\"https:\\\/\\\/www.youtube.com\\\/channel\\\/UCJq1PGIWFyB_FD4N6D_hqGw\"]}]}<\/script>\n<!-- \/ Yoast SEO Premium plugin. -->","yoast_head_json":{"title":"Privacy - TechOf - Re-Skilling People","robots":{"index":"index","follow":"follow","max-snippet":"max-snippet:-1","max-image-preview":"max-image-preview:large","max-video-preview":"max-video-preview:-1"},"canonical":"https:\/\/www.techof.pt\/pt\/privacy\/","og_locale":"pt_PT","og_type":"article","og_title":"Privacy","og_description":"Privacy Policy At TechOf we respect your privacy and appreciate the trust you place in us. In this Privacy Notice we explain who we are, for what purposes we can use your data and its legal basis, with whom we share it, how long we keep it, as well as the ways to contact us [&hellip;]","og_url":"https:\/\/www.techof.pt\/pt\/privacy\/","og_site_name":"TechOf - Re-Skilling People","article_publisher":"https:\/\/www.facebook.com\/techofpt","article_modified_time":"2022-09-08T14:53:32+00:00","twitter_card":"summary_large_image","twitter_site":"@TechOf_","twitter_misc":{"Tempo estimado de leitura":"22 minutos"},"schema":{"@context":"https:\/\/schema.org","@graph":[{"@type":"WebPage","@id":"https:\/\/www.techof.pt\/pt\/privacy\/","url":"https:\/\/www.techof.pt\/pt\/privacy\/","name":"Privacy - TechOf - Re-Skilling People","isPartOf":{"@id":"https:\/\/www.techof.pt\/en\/#website"},"datePublished":"2022-09-08T14:24:28+00:00","dateModified":"2022-09-08T14:53:32+00:00","breadcrumb":{"@id":"https:\/\/www.techof.pt\/pt\/privacy\/#breadcrumb"},"inLanguage":"pt-PT","potentialAction":[{"@type":"ReadAction","target":["https:\/\/www.techof.pt\/pt\/privacy\/"]}]},{"@type":"BreadcrumbList","@id":"https:\/\/www.techof.pt\/pt\/privacy\/#breadcrumb","itemListElement":[{"@type":"ListItem","position":1,"name":"Home","item":"https:\/\/www.techof.pt\/"},{"@type":"ListItem","position":2,"name":"Privacy"}]},{"@type":"WebSite","@id":"https:\/\/www.techof.pt\/en\/#website","url":"https:\/\/www.techof.pt\/en\/","name":"TechOf - Re-Skilling People","description":"The Fast Track to Tech","publisher":{"@id":"https:\/\/www.techof.pt\/en\/#organization"},"potentialAction":[{"@type":"SearchAction","target":{"@type":"EntryPoint","urlTemplate":"https:\/\/www.techof.pt\/en\/?s={search_term_string}"},"query-input":{"@type":"PropertyValueSpecification","valueRequired":true,"valueName":"search_term_string"}}],"inLanguage":"pt-PT"},{"@type":"Organization","@id":"https:\/\/www.techof.pt\/en\/#organization","name":"A TechOf","url":"https:\/\/www.techof.pt\/en\/","logo":{"@type":"ImageObject","inLanguage":"pt-PT","@id":"https:\/\/www.techof.pt\/en\/#\/schema\/logo\/image\/","url":"https:\/\/www.techof.pt\/wp-content\/uploads\/2022\/06\/Tech_Logo_RGB_PRINCIPAL_PRETO.png","contentUrl":"https:\/\/www.techof.pt\/wp-content\/uploads\/2022\/06\/Tech_Logo_RGB_PRINCIPAL_PRETO.png","width":1419,"height":806,"caption":"TechOf"},"image":{"@id":"https:\/\/www.techof.pt\/en\/#\/schema\/logo\/image\/"},"sameAs":["https:\/\/www.facebook.com\/techofpt","https:\/\/x.com\/TechOf_","https:\/\/www.linkedin.com\/company\/techof-reskilling-people","https:\/\/www.instagram.com\/techof_","https:\/\/www.youtube.com\/channel\/UCJq1PGIWFyB_FD4N6D_hqGw"]}]}},"_links":{"self":[{"href":"https:\/\/www.techof.pt\/pt\/wp-json\/wp\/v2\/pages\/3186","targetHints":{"allow":["GET"]}}],"collection":[{"href":"https:\/\/www.techof.pt\/pt\/wp-json\/wp\/v2\/pages"}],"about":[{"href":"https:\/\/www.techof.pt\/pt\/wp-json\/wp\/v2\/types\/page"}],"author":[{"embeddable":true,"href":"https:\/\/www.techof.pt\/pt\/wp-json\/wp\/v2\/users\/3"}],"replies":[{"embeddable":true,"href":"https:\/\/www.techof.pt\/pt\/wp-json\/wp\/v2\/comments?post=3186"}],"version-history":[{"count":29,"href":"https:\/\/www.techof.pt\/pt\/wp-json\/wp\/v2\/pages\/3186\/revisions"}],"predecessor-version":[{"id":3215,"href":"https:\/\/www.techof.pt\/pt\/wp-json\/wp\/v2\/pages\/3186\/revisions\/3215"}],"wp:attachment":[{"href":"https:\/\/www.techof.pt\/pt\/wp-json\/wp\/v2\/media?parent=3186"}],"curies":[{"name":"wp","href":"https:\/\/api.w.org\/{rel}","templated":true}]}}